{"id":755,"date":"2014-10-09T14:06:15","date_gmt":"2014-10-09T13:06:15","guid":{"rendered":"http:\/\/www.isabellemarcelin.com\/?page_id=755"},"modified":"2016-03-08T17:13:35","modified_gmt":"2016-03-08T16:13:35","slug":"presse-et-textes","status":"publish","type":"page","link":"https:\/\/www.isabellemarcelin.com\/?page_id=755","title":{"rendered":"Presse et textes"},"content":{"rendered":"<p><span style=\"color: #fa4504;\"><b><i><b><i>La pens\u00e9e v\u00e9g\u00e9tale<\/i><\/b><\/i><\/b><\/span><\/p>\n<p><i>in Le travail d\u2019Isabelle Marcelin &#8211; F\u00e9vrier 2014<\/i><\/p>\n<p>Il y a des herbes dites mauvaises car nous envahissent. Elles sont comme les pens\u00e9es qui s\u2019accrochent \u00e0 notre esprit et se d\u00e9veloppent sans que l\u2019on puisse s\u2019en d\u00e9faire. Elles se ramifient, se transforment, s\u2019hybrident et bient\u00f4t dessinent des chemins plus proches de nos organes que des v\u00e9g\u00e9taux.<\/p>\n<p>Le dessin des encres de Isabelle Marcelin suit cette lente m\u00e9tamorphose de ces noires train\u00e9es et inscrit ainsi la cartes de nos noires envies et inqui\u00e9tudes, superposant inlassablement celles ci pour les enfouir dans ses m\u00e9andres et l\u2019\u00e9paisseur de leur foisonnement.<\/p>\n<p>Dans les cocons, d\u00e9j\u00e0, la trace rapide et obsessionnelle s\u2019agr\u00e8ge sur elle m\u00eame pour former cette forme de cavit\u00e9 qui appara\u00eet lorsque l\u2019on prend du recul. Comme l\u2019esprit tourne autour d\u2019une intuition sans parvenir \u00e0 l\u2019atteindre.<\/p>\n<p>Contrairement\u00a0 aux apparences premi\u00e8res, il ne s\u2019agit pas ici de repr\u00e9senter le v\u00e9g\u00e9tal mais bien de trouver en soi ce mouvement, cette intention, presque, que le v\u00e9g\u00e9tal emprunte. Que ce soit en lentes et minuscules ramifications, en tranchantes mais souples algues, en buissonnantes \u00e9pines ou en vertigineuses spires. Et si tout ceci n\u2019\u00e9tait autre chose que notre processus mental, la figuration des mouvements et des objets attach\u00e9s \u00e0 notre pens\u00e9e. Alors, celle ci peut aussi se repr\u00e9senter en laissant le dessin la tracer. Et c\u2019est en fermant les yeux que les images souvenirs tracent leurs lignes sur le papier. Et ces formes organiques, anatomiques sont devenues elles aussi des chim\u00e8res qui se d\u00e9veloppent en empruntant la grammaire du v\u00e9g\u00e9tal.<\/p>\n<p>Le corps bourgeonne comme une pens\u00e9e. Buissonnant, se ramifiant, s\u2019envahissant se superposant pour devenir la repr\u00e9sentation de celle-ci.<\/p>\n<p><i>Didier Payen<br \/>\n<\/i><\/p>\n<p><em><strong><span style=\"color: #ff0000;\">\u00a0S&rsquo;enchev\u00eatrer<\/span><\/strong><\/em><span style=\"color: #ff0000;\"><span style=\"color: #000000;\">, d\u00e9cembre 2014<\/span><\/span><\/p>\n<p><a href=\"https:\/\/i0.wp.com\/www.isabellemarcelin.com\/wp-content\/uploads\/2014\/10\/LMT-e1421161165197.jpg?ssl=1\"><img data-recalc-dims=\"1\" loading=\"lazy\" decoding=\"async\" data-attachment-id=\"923\" data-permalink=\"https:\/\/www.isabellemarcelin.com\/?attachment_id=923\" data-orig-file=\"https:\/\/i0.wp.com\/www.isabellemarcelin.com\/wp-content\/uploads\/2014\/10\/LMT-e1421161165197.jpg?fit=500%2C539&amp;ssl=1\" data-orig-size=\"500,539\" data-comments-opened=\"0\" data-image-meta=\"{&quot;aperture&quot;:&quot;0&quot;,&quot;credit&quot;:&quot;&quot;,&quot;camera&quot;:&quot;&quot;,&quot;caption&quot;:&quot;&quot;,&quot;created_timestamp&quot;:&quot;0&quot;,&quot;copyright&quot;:&quot;&quot;,&quot;focal_length&quot;:&quot;0&quot;,&quot;iso&quot;:&quot;0&quot;,&quot;shutter_speed&quot;:&quot;0&quot;,&quot;title&quot;:&quot;&quot;}\" data-image-title=\"LMT\" data-image-description=\"\" data-image-caption=\"\" data-large-file=\"https:\/\/i0.wp.com\/www.isabellemarcelin.com\/wp-content\/uploads\/2014\/10\/LMT-e1421161165197.jpg?fit=950%2C1024&amp;ssl=1\" class=\"alignnone size-full wp-image-923\" src=\"https:\/\/i0.wp.com\/www.isabellemarcelin.com\/wp-content\/uploads\/2014\/10\/LMT-e1421161165197.jpg?resize=500%2C539&#038;ssl=1\" alt=\"LMT\" width=\"500\" height=\"539\" \/><\/a><\/p>\n<p>&nbsp;<\/p>\n<p><em><strong><span style=\"color: #ff0000;\">\u00a0Invasions sympathiques<\/span><\/strong><\/em>, mai 2013<\/p>\n<p><a href=\"https:\/\/i0.wp.com\/www.isabellemarcelin.com\/wp-content\/uploads\/2014\/10\/La-Montagne-3-2013-e1421161280119.jpg?ssl=1\"><img data-recalc-dims=\"1\" loading=\"lazy\" decoding=\"async\" data-attachment-id=\"757\" data-permalink=\"https:\/\/www.isabellemarcelin.com\/?attachment_id=757\" data-orig-file=\"https:\/\/i0.wp.com\/www.isabellemarcelin.com\/wp-content\/uploads\/2014\/10\/La-Montagne-3-2013-e1421161280119.jpg?fit=500%2C352&amp;ssl=1\" data-orig-size=\"500,352\" data-comments-opened=\"0\" data-image-meta=\"{&quot;aperture&quot;:&quot;0&quot;,&quot;credit&quot;:&quot;&quot;,&quot;camera&quot;:&quot;&quot;,&quot;caption&quot;:&quot;&quot;,&quot;created_timestamp&quot;:&quot;0&quot;,&quot;copyright&quot;:&quot;&quot;,&quot;focal_length&quot;:&quot;0&quot;,&quot;iso&quot;:&quot;0&quot;,&quot;shutter_speed&quot;:&quot;0&quot;,&quot;title&quot;:&quot;&quot;}\" data-image-title=\"La Montagne 3 2013\" data-image-description=\"\" data-image-caption=\"\" data-large-file=\"https:\/\/i0.wp.com\/www.isabellemarcelin.com\/wp-content\/uploads\/2014\/10\/La-Montagne-3-2013-e1421161280119.jpg?fit=950%2C667&amp;ssl=1\" class=\"alignnone wp-image-757\" src=\"https:\/\/i0.wp.com\/www.isabellemarcelin.com\/wp-content\/uploads\/2014\/10\/La-Montagne-3-2013-e1421161280119.jpg?resize=500%2C341&#038;ssl=1\" alt=\"La Montagne 3 2013\" width=\"500\" height=\"341\" \/><\/a><\/p>\n<p>&nbsp;<\/p>\n<p><a href=\"https:\/\/i0.wp.com\/www.isabellemarcelin.com\/wp-content\/uploads\/2014\/10\/Article-La-Ruche-2013-e1421161353531.jpg?ssl=1\"><img data-recalc-dims=\"1\" loading=\"lazy\" decoding=\"async\" data-attachment-id=\"759\" data-permalink=\"https:\/\/www.isabellemarcelin.com\/?attachment_id=759\" data-orig-file=\"https:\/\/i0.wp.com\/www.isabellemarcelin.com\/wp-content\/uploads\/2014\/10\/Article-La-Ruche-2013-e1421161353531.jpg?fit=500%2C395&amp;ssl=1\" data-orig-size=\"500,395\" data-comments-opened=\"0\" data-image-meta=\"{&quot;aperture&quot;:&quot;0&quot;,&quot;credit&quot;:&quot;&quot;,&quot;camera&quot;:&quot;&quot;,&quot;caption&quot;:&quot;&quot;,&quot;created_timestamp&quot;:&quot;0&quot;,&quot;copyright&quot;:&quot;&quot;,&quot;focal_length&quot;:&quot;0&quot;,&quot;iso&quot;:&quot;0&quot;,&quot;shutter_speed&quot;:&quot;0&quot;,&quot;title&quot;:&quot;&quot;}\" data-image-title=\"Article La Ruche 2013\" data-image-description=\"\" data-image-caption=\"\" data-large-file=\"https:\/\/i0.wp.com\/www.isabellemarcelin.com\/wp-content\/uploads\/2014\/10\/Article-La-Ruche-2013-e1421161353531.jpg?fit=950%2C750&amp;ssl=1\" class=\"alignnone size-full wp-image-759\" src=\"https:\/\/i0.wp.com\/www.isabellemarcelin.com\/wp-content\/uploads\/2014\/10\/Article-La-Ruche-2013-e1421161353531.jpg?resize=500%2C395&#038;ssl=1\" alt=\"Article La Ruche 2013\" width=\"500\" height=\"395\" \/><\/a><\/p>\n<p>&nbsp;<\/p>\n<p>&nbsp;<\/p>\n<p>&nbsp;<\/p>\n","protected":false},"excerpt":{"rendered":"<p>La pens\u00e9e v\u00e9g\u00e9tale in Le travail d\u2019Isabelle Marcelin &#8211; F\u00e9vrier 2014 Il y a des herbes dites mauvaises car nous envahissent. Elles sont comme les pens\u00e9es qui s\u2019accrochent \u00e0 notre esprit et se d\u00e9veloppent sans que l\u2019on puisse s\u2019en d\u00e9faire. Elles se ramifient, se transforment, s\u2019hybrident et bient\u00f4t dessinent des chemins plus proches de nos [&hellip;]<\/p>\n","protected":false},"author":1,"featured_media":0,"parent":0,"menu_order":0,"comment_status":"closed","ping_status":"open","template":"","meta":{"jetpack_post_was_ever_published":false,"footnotes":""},"class_list":["post-755","page","type-page","status-publish","hentry"],"aioseo_notices":[],"jetpack_shortlink":"https:\/\/wp.me\/P7cglJ-cb","jetpack_sharing_enabled":true,"_links":{"self":[{"href":"https:\/\/www.isabellemarcelin.com\/index.php?rest_route=\/wp\/v2\/pages\/755","targetHints":{"allow":["GET"]}}],"collection":[{"href":"https:\/\/www.isabellemarcelin.com\/index.php?rest_route=\/wp\/v2\/pages"}],"about":[{"href":"https:\/\/www.isabellemarcelin.com\/index.php?rest_route=\/wp\/v2\/types\/page"}],"author":[{"embeddable":true,"href":"https:\/\/www.isabellemarcelin.com\/index.php?rest_route=\/wp\/v2\/users\/1"}],"replies":[{"embeddable":true,"href":"https:\/\/www.isabellemarcelin.com\/index.php?rest_route=%2Fwp%2Fv2%2Fcomments&post=755"}],"version-history":[{"count":16,"href":"https:\/\/www.isabellemarcelin.com\/index.php?rest_route=\/wp\/v2\/pages\/755\/revisions"}],"predecessor-version":[{"id":1405,"href":"https:\/\/www.isabellemarcelin.com\/index.php?rest_route=\/wp\/v2\/pages\/755\/revisions\/1405"}],"wp:attachment":[{"href":"https:\/\/www.isabellemarcelin.com\/index.php?rest_route=%2Fwp%2Fv2%2Fmedia&parent=755"}],"curies":[{"name":"wp","href":"https:\/\/api.w.org\/{rel}","templated":true}]}}